{"id":2,"date":"2016-10-26T19:59:52","date_gmt":"2016-10-26T17:59:52","guid":{"rendered":"http:\/\/alas-danse.fr\/?page_id=2"},"modified":"2026-03-28T18:29:39","modified_gmt":"2026-03-28T17:29:39","slug":"page-d-exemple","status":"publish","type":"page","link":"https:\/\/alas-danse.fr\/","title":{"rendered":"Bienvenue"},"content":{"rendered":"<h2 style=\"text-align: left;\"><\/h2>\n<h2 style=\"text-align: center;\"><img loading=\"lazy\" decoding=\"async\" class=\"alignnone size-full wp-image-51\" src=\"http:\/\/alas-danse.fr\/wp-content\/uploads\/2016\/11\/cropped-cropped-logoALAS-2-2-2.jpg\" alt=\"cropped-cropped-logoALAS-2-2-2.jpg\" width=\"320\" height=\"140\" srcset=\"https:\/\/alas-danse.fr\/wp-content\/uploads\/2016\/11\/cropped-cropped-logoALAS-2-2-2.jpg 320w, https:\/\/alas-danse.fr\/wp-content\/uploads\/2016\/11\/cropped-cropped-logoALAS-2-2-2-300x131.jpg 300w\" sizes=\"auto, (max-width: 320px) 100vw, 320px\" \/><\/h2>\n<h1 class=\"entry-content clearfix\" style=\"text-align: center;\"><span style=\"color: #ff0000;\">PORTES OUVERTES<\/span><\/h1>\n<div>Vous souhaitez faire une activit\u00e9 l&rsquo;ann\u00e9e prochaine (saison 2026-2027) et vous voudriez d\u00e9couvrir nos cours et bien la semaine du 18 au 24 Mai est faite pour vous.<\/div>\n<div>Vous allez pouvoir participer ou observer nos cours.<\/div>\n<div>A vous de choisir l&rsquo;activit\u00e9 qui vous int\u00e9resse et le niveau que vous pensez avoir.<\/div>\n<div>Merci de venir en d\u00e9but de cours.<\/div>\n<div>\n<table border=\"0\" frame=\"VOID\" rules=\"NONE\" cellspacing=\"0\">\n<colgroup>\n<col width=\"241\" \/>\n<col width=\"317\" \/>\n<col width=\"800\" \/>\n<col width=\"251\" \/>\n<col width=\"170\" \/>\n<col width=\"368\" \/><\/colgroup>\n<tbody>\n<tr>\n<td align=\"CENTER\" valign=\"MIDDLE\" bgcolor=\"#F2F2F2\" width=\"241\" height=\"122\"><b><span style=\"color: #000000; font-family: Verb Regular; font-size: large;\">Nom de l&rsquo;activit\u00e9 <\/span><\/b><\/td>\n<td align=\"CENTER\" valign=\"MIDDLE\" bgcolor=\"#F2F2F2\" width=\"317\"><b><span style=\"color: #000000; font-family: Verb Regular; font-size: large;\">date<br \/>\n(Semaine du 18 au 24 mai 2026)<\/span><\/b><\/td>\n<td align=\"CENTER\" valign=\"MIDDLE\" bgcolor=\"#F2F2F2\" width=\"800\"><b><span style=\"color: #000000; font-family: Verb Regular; font-size: large;\">horaires d\u00e9but<br \/>\net de fin <\/span><\/b><\/td>\n<td align=\"CENTER\" valign=\"MIDDLE\" bgcolor=\"#F2F2F2\" width=\"251\"><b><span style=\"color: #000000; font-family: Verb Regular; font-size: large;\">lieu<\/span><\/b><\/td>\n<td align=\"CENTER\" valign=\"MIDDLE\" bgcolor=\"#F2F2F2\" width=\"170\"><b><span style=\"color: #000000; font-family: Verb Regular; font-size: large;\">public cibl\u00e9<\/span><\/b><\/td>\n<td align=\"CENTER\" valign=\"MIDDLE\" bgcolor=\"#F2F2F2\" width=\"368\"><b><span style=\"color: #000000; font-family: Verb Regular; font-size: large;\">informations n\u00e9cessaires \u00e0 la pratique <\/span><\/b><\/td>\n<\/tr>\n<tr>\n<td align=\"CENTER\" valign=\"MIDDLE\" height=\"67\"><a href=\"https:\/\/alas-danse.fr\/?page_id=1179\"><span style=\"color: #0000ff;\">LADY STYLE<\/span><\/a><\/td>\n<td align=\"CENTER\" valign=\"MIDDLE\"><span style=\"color: #000000; font-family: Verb Regular; font-size: medium;\">18\/05\/2026<\/span><\/td>\n<td align=\"CENTER\" valign=\"MIDDLE\"><span style=\"color: #000000; font-family: Verb Regular; font-size: medium;\">19H-20H COURS DEBUTANT<\/span><\/td>\n<td align=\"CENTER\" valign=\"MIDDLE\"><span style=\"color: #000000; font-family: Verb Regular; font-size: medium;\">SALLE D ACTIVITE<\/span><\/td>\n<td align=\"CENTER\" valign=\"MIDDLE\"><span style=\"color: #000000; font-family: Verb Regular; font-size: medium;\"> PLUS DE 8 ANS<\/span><\/td>\n<td align=\"CENTER\" valign=\"MIDDLE\"><span style=\"color: #000000; font-family: Verb Regular; font-size: medium;\">BIEN VENIR EN DEBUT DE COURS<\/span><\/td>\n<\/tr>\n<tr>\n<td align=\"CENTER\" valign=\"MIDDLE\" height=\"112\"><a href=\"https:\/\/alas-danse.fr\/?page_id=20\"><span style=\"color: #0000ff; font-family: 'Verb Regular'; font-size: medium;\">DANSE ORIENTALE<\/span><\/a><\/td>\n<td align=\"CENTER\" valign=\"MIDDLE\"><span style=\"color: #000000; font-family: Verb Regular; font-size: medium;\">18\/05\/2026<\/span><\/td>\n<td align=\"CENTER\" valign=\"MIDDLE\"><span style=\"color: #000000; font-family: Verb Regular; font-size: medium;\">18H30-19H30 COURS DEBUTANT\/INITIE<\/span><\/p>\n<p><span style=\"color: #000000; font-family: Verb Regular; font-size: medium;\">19H30-20H30 COURS INTER\/AVANCE<\/span><\/td>\n<td align=\"CENTER\" valign=\"MIDDLE\"><span style=\"color: #000000; font-family: Verb Regular; font-size: medium;\">STUDIO ARABESQUE<\/span><\/td>\n<td align=\"CENTER\" valign=\"MIDDLE\"><span style=\"color: #000000; font-family: Verb Regular; font-size: medium;\"> PLUS DE 8 ANS<\/span><\/td>\n<td align=\"CENTER\" valign=\"MIDDLE\"><span style=\"color: #000000; font-family: Verb Regular; font-size: medium;\">BIEN VENIR EN DEBUT DE COURS<\/span><\/td>\n<\/tr>\n<tr>\n<td align=\"CENTER\" valign=\"MIDDLE\" height=\"125\"><a href=\"https:\/\/alas-danse.fr\/?page_id=18\"><span style=\"color: #0000ff; font-family: 'Verb Regular'; font-size: medium;\">LINE DANCE<\/span><\/a><\/td>\n<td align=\"CENTER\" valign=\"MIDDLE\"><span style=\"color: #000000; font-family: Verb Regular; font-size: medium;\">19\/05\/2026<\/span><\/td>\n<td align=\"CENTER\" valign=\"MIDDLE\"><span style=\"font-family: 'Verb Regular'; font-size: medium; color: #000000;\">19H-20H COURS DEBUTANT<\/span><\/p>\n<p><span style=\"font-family: 'Verb Regular'; font-size: medium; color: #000000;\">20H-21H COURS NOVICE<\/span><\/p>\n<p><span style=\"color: #000000;\">21H-22H COURS INTERMEDIAIRE<\/span><\/td>\n<td align=\"CENTER\" valign=\"MIDDLE\"><span style=\"color: #000000; font-family: Verb Regular; font-size: medium;\">STUDIO ARABESQUE<\/span><\/td>\n<td align=\"CENTER\" valign=\"MIDDLE\"><span style=\"color: #000000; font-family: Verb Regular; font-size: medium;\">PLUS DE 10 ANS<\/span><\/td>\n<td align=\"CENTER\" valign=\"MIDDLE\"><span style=\"color: #000000; font-family: Verb Regular; font-size: medium;\">BIEN VENIR EN DEBUT DE COURS<\/span><\/td>\n<\/tr>\n<tr>\n<td align=\"CENTER\" valign=\"MIDDLE\" height=\"120\"><a href=\"https:\/\/alas-danse.fr\/?page_id=16\"><span style=\"color: #0000ff; font-family: 'Verb Regular'; font-size: medium;\">MULTI DANSE<\/span><\/a><\/td>\n<td align=\"CENTER\" valign=\"MIDDLE\"><span style=\"color: #000000; font-family: Verb Regular; font-size: medium;\">19\/05\/2026<\/span><\/td>\n<td align=\"CENTER\" valign=\"MIDDLE\"><span style=\"color: #000000; font-family: Verb Regular; font-size: medium;\">12H30-13H30 COURS DEBUTANT<\/span><\/p>\n<p><span style=\"color: #000000; font-family: Verb Regular; font-size: medium;\">13H30-14H30 COURS INTER AVANCE<\/span><\/td>\n<td align=\"CENTER\" valign=\"MIDDLE\"><span style=\"color: #000000; font-family: Verb Regular; font-size: medium;\">SALLE D ACTIVITE<\/span><\/td>\n<td align=\"CENTER\" valign=\"MIDDLE\"><span style=\"color: #000000; font-family: Verb Regular; font-size: medium;\">PLUS DE 8 ANS<\/span><\/td>\n<td align=\"CENTER\" valign=\"MIDDLE\"><span style=\"color: #000000; font-family: Verb Regular; font-size: medium;\">BIEN VENIR EN DEBUT DE COURS PAS DE CHAUSSURES A TALON OU POUVANT MARQUER LE SOL<\/span><\/td>\n<\/tr>\n<tr>\n<td align=\"CENTER\" valign=\"MIDDLE\" height=\"67\"><span style=\"color: #0000ff;\"><a style=\"color: #0000ff;\" href=\"https:\/\/alas-danse.fr\/?page_id=211\"><span style=\"font-family: 'Verb Regular'; font-size: medium;\">DANSE BIEN ETRE <\/span><\/a><\/span><\/td>\n<td align=\"CENTER\" valign=\"MIDDLE\"><span style=\"color: #000000; font-family: Verb Regular; font-size: medium;\">19\/05\/2026<\/span><\/td>\n<td align=\"CENTER\" valign=\"MIDDLE\"><span style=\"color: #000000; font-family: Verb Regular; font-size: medium;\">14h45-15h45 <\/span><\/td>\n<td align=\"CENTER\" valign=\"MIDDLE\"><span style=\"color: #000000; font-family: Verb Regular; font-size: medium;\">SALLE D ACTIVITE<\/span><\/td>\n<td align=\"CENTER\" valign=\"MIDDLE\"><span style=\"color: #000000; font-family: Verb Regular; font-size: medium;\">PLUS DE 8 ANS<\/span><\/td>\n<td align=\"CENTER\" valign=\"MIDDLE\"><span style=\"color: #000000; font-family: Verb Regular; font-size: medium;\">BIEN VENIR EN DEBUT DE COURS<\/span><\/td>\n<\/tr>\n<tr>\n<td align=\"CENTER\" valign=\"MIDDLE\" height=\"129\"><a href=\"https:\/\/alas-danse.fr\/?page_id=14\"><span style=\"color: #000000; font-family: Verb Regular; font-size: medium;\"><span style=\"color: #0000ff;\">DANSE EN COUPLES<\/span><\/span><\/a><\/td>\n<td align=\"CENTER\" valign=\"MIDDLE\"><span style=\"color: #000000; font-family: Verb Regular; font-size: medium;\">19\/05\/2026<\/span><\/td>\n<td align=\"CENTER\" valign=\"MIDDLE\"><span style=\"color: #000000; font-family: Verb Regular; font-size: medium;\"> COURS NIVEAU DEBUTANT<\/span><span style=\"color: #000000; font-family: Verb Regular; font-size: medium;\">: <\/span><\/p>\n<p><span style=\"color: #000000; font-family: Verb Regular; font-size: medium;\">19H-20H <\/span><span style=\"color: #000000; font-family: Verb Regular; font-size: medium;\">ROCK ET DANSES DE SALON<\/span><\/p>\n<p><span style=\"color: #000000; font-family: Verb Regular; font-size: medium;\">20H-21H <\/span><span style=\"color: #000000; font-family: Verb Regular; font-size: medium;\">DANSES SWING<\/span><\/p>\n<p><span style=\"color: #000000; font-family: Verb Regular; font-size: medium;\"> 21H-22H DANSES LATINES <\/span><\/td>\n<td align=\"CENTER\" valign=\"MIDDLE\"><span style=\"color: #000000; font-family: Verb Regular; font-size: medium;\">SALLE D ACTIVITE<\/span><\/td>\n<td align=\"CENTER\" valign=\"MIDDLE\"><span style=\"color: #000000; font-family: Verb Regular; font-size: medium;\">ADULTES<\/span><\/td>\n<td align=\"CENTER\" valign=\"MIDDLE\"><span style=\"color: #000000; font-family: Verb Regular; font-size: medium;\">BIEN VENIR EN DEBUT DE COURS<\/span><\/td>\n<\/tr>\n<tr>\n<td align=\"CENTER\" valign=\"MIDDLE\" height=\"152\"><a href=\"https:\/\/alas-danse.fr\/?page_id=12\"><span style=\"color: #0000ff; font-family: 'Verb Regular'; font-size: medium;\">MODERN JAZZ<\/span><\/a><\/td>\n<td align=\"CENTER\" valign=\"MIDDLE\"><span style=\"color: #000000; font-family: Verb Regular; font-size: medium;\">20\/05\/2026<\/span><\/td>\n<td align=\"CENTER\" valign=\"MIDDLE\"><span style=\"color: #000000; font-family: Verb Regular; font-size: medium;\">13H45-14H45 PREPARATOIRE<\/span><\/p>\n<p><span style=\"color: #000000; font-family: Verb Regular; font-size: medium;\">14H45-15H45 ELEMENTAIRE<\/span><\/p>\n<p><span style=\"color: #000000; font-family: Verb Regular; font-size: medium;\"> 15H45-16H30 INITIATION<\/span><\/p>\n<p><span style=\"color: #000000; font-family: Verb Regular; font-size: medium;\"> 16H30-17H15 EVEIL 5 ANS<\/span><\/p>\n<p><span style=\"color: #000000; font-family: Verb Regular; font-size: medium;\"> 17H15-18H EVEIL 6 ANS<\/span><\/td>\n<td align=\"CENTER\" valign=\"MIDDLE\"><span style=\"color: #000000; font-family: Verb Regular; font-size: medium;\">STUDIO ENTRECHATS<\/span><\/td>\n<td align=\"CENTER\" valign=\"MIDDLE\"><span style=\"color: #000000; font-family: Verb Regular; font-size: medium;\">AGE EN FONCTION DU COURS <\/span><\/td>\n<td align=\"CENTER\" valign=\"MIDDLE\"><span style=\"color: #000000; font-family: Verb Regular; font-size: medium;\">BIEN VENIR EN DEBUT DE COURS<\/span><\/td>\n<\/tr>\n<tr>\n<td align=\"CENTER\" valign=\"MIDDLE\" height=\"129\"><a href=\"https:\/\/alas-danse.fr\/?page_id=14\"><span style=\"color: #0000ff; font-family: 'Verb Regular'; font-size: medium;\">DANSE EN COUPLES<\/span><\/a><\/td>\n<td align=\"CENTER\" valign=\"MIDDLE\"><span style=\"color: #000000; font-family: Verb Regular; font-size: medium;\">21\/05\/2026<\/span><\/td>\n<td align=\"CENTER\" valign=\"MIDDLE\"><span style=\"color: #000000; font-family: Verb Regular; font-size: medium;\">COURS NIVEAU INTERMEDIAIRE ET AVANCE : <\/span><\/p>\n<p><span style=\"color: #000000; font-family: Verb Regular; font-size: medium;\">19H-20H ROCK ET DANSES DE SALON <\/span><\/p>\n<p><span style=\"color: #000000; font-family: Verb Regular; font-size: medium;\">20H-21H DANSES SWING<\/span><\/p>\n<p><span style=\"color: #000000; font-family: Verb Regular; font-size: medium;\"> 21H-22H DANSES LATINES <\/span><\/td>\n<td align=\"CENTER\" valign=\"MIDDLE\"><span style=\"color: #000000; font-family: Verb Regular; font-size: medium;\">SALLE D ACTIVITE<\/span><\/td>\n<td align=\"CENTER\" valign=\"MIDDLE\"><span style=\"color: #000000; font-family: Verb Regular; font-size: medium;\">ADULTES<\/span><\/td>\n<td align=\"CENTER\" valign=\"MIDDLE\"><span style=\"color: #000000; font-family: Verb Regular; font-size: medium;\">BIEN VENIR EN DEBUT DE COURS<\/span><\/td>\n<\/tr>\n<\/tbody>\n<\/table>\n<\/div>\n<div><\/div>\n<p><strong>ALAS-Danse propose pour la saison 2025-2026 un large \u00e9ventail de disciplines, Modern Jazz, Danses en couple, danse solo, line dance, d<span style=\"color: #008000;\"><span style=\"color: #000000;\">anses Orientales, lady style<\/span><\/span><\/strong><\/p>\n<h2 style=\"text-align: center;\"><span style=\"color: #ff00ff;\">NOUVEAUTES 2025-2026<\/span><\/h2>\n<ul type=\"disc\">\n<li class=\"ox-9e5e63cae9-MsoListParagraph\"><b>Atelier Chor\u00e9graphique Danses Orientales (lundi 20h30 \u00e0 21h30)<\/b>\u00a0: Un cours hebdomadaire pour apprendre les cl\u00e9s de la cr\u00e9ation chor\u00e9graphique. De la compr\u00e9hension de chaque ligne musicale, \u00e0 l&rsquo;enrichissement de sa danse, en passant par la d\u00e9finition de ses intentions, l&rsquo;atelier chor\u00e9graphique permet de cr\u00e9er en solo ou en groupe.<\/li>\n<\/ul>\n<ul type=\"disc\">\n<li class=\"ox-9e5e63cae9-MsoListParagraph\"><b>Danses Bien-\u00eatre\u00a0(mardi 14h45 \u00e0 15h45)\u00a0:\u00a0<\/b>Chor\u00e9graphies travaillant la posture et l\u2019entretien de votre corps par la danse douce, cours dans la bonne humeur et l\u2019\u00e9coute.<\/li>\n<\/ul>\n<p style=\"text-align: center;\"><span style=\"color: #008000;\"><span style=\"color: #000000;\">Les cours se d\u00e9roulent tous \u00e0 l&rsquo;Espace Culturel de Vertou \u00ab\u00a0cour et jardin\u00a0\u00bb, \u00e0 l&rsquo;angle des rues Henri Delahaye et du 11 Novembre 1918 44120 Vertou<\/span><\/span><\/p>\n<p>De plus n&rsquo;h\u00e9sitez pas \u00e0 vous connecter sur:<span style=\"color: #ff0000;\"> <a href=\"https:\/\/www.facebook.com\/pages\/ALAS-Danse\/166344710177658?fref=ts\"><span style=\"color: #ff0000;\">Facebook: ALAS DANSE<\/span><\/a><\/span><\/p>\n<p>Vous pouvez nous suivre sur<span style=\"color: #008000;\"> Instagram<\/span> :<span style=\"color: #008000;\"> <a style=\"color: #008000;\" href=\"https:\/\/www.instagram.com\/alas.danse?igsh=MXZkejc4cng4c2E2Nw==\">ALAS.DANSE<\/a><\/span><\/p>\n<p>D\u00e9tente, convivialit\u00e9 et bonne humeur sont les priorit\u00e9s autour desquelles nous organisons nos activit\u00e9s pour votre plus grand plaisir. Aussi, si vous aimez danser, c\u2019est l\u2019occasion de d\u00e9couvrir les plaisirs de la danse \u00e0 deux ou en solo au sein d\u2019ALAS-Danse.<\/p>\n<p>Vous trouverez tous les renseignements sur notre site: Disciplines, jour et horaires de cours.<\/p>\n<h2 style=\"text-align: center;\"><span style=\"color: #ff00ff;\">Les inscriptions sont closes<\/span><\/h2>\n<h2><strong><span style=\"color: #e2007a;\">Les professeurs:<\/span><\/strong><\/h2>\n<p><strong><u><span style=\"color: #000000;\">Esther Cathary<\/span><\/u><\/strong><br \/>\nDanses enseign\u00e9es \u00e0 l\u2019ALAS :\u00a0<span style=\"color: #0000ff;\"><a style=\"color: #0000ff;\" href=\"http:\/\/alas-danse.fr\/?page_id=12\">Modern Jazz enfants et adultes<\/a><\/span><\/p>\n<p><strong><u><span style=\"color: #000000;\">Jean-Marc Brunel<\/span><\/u><\/strong><br \/>\nDanses enseign\u00e9es \u00e0 l\u2019ALAS : <span style=\"color: #0000ff;\"><a style=\"color: #0000ff;\" href=\"http:\/\/alas-danse.fr\/?page_id=14\">Danses en couple<\/a><\/span><\/p>\n<p><strong><span style=\"text-decoration: underline;\"><span style=\"color: #000000; text-decoration: underline;\">Emilie Boutet<\/span><\/span><\/strong><br \/>\nDanse enseign\u00e9e \u00e0 l&rsquo;ALAS : <span style=\"color: #0000ff;\"><a style=\"color: #0000ff;\" href=\"http:\/\/alas-danse.fr\/?page_id=20\">Danses orientales<\/a><\/span><\/p>\n<p><strong><span style=\"color: #000000;\"><u>V\u00e9ronique Clicq<\/u><\/span><br \/>\n<\/strong> Danses enseign\u00e9es \u00e0 l\u2019ALAS :<span style=\"color: #0000ff;\"><a style=\"color: #0000ff;\" href=\"http:\/\/alas-danse.fr\/?page_id=18\"> Line Dance<\/a><\/span><\/p>\n<p><strong><span style=\"color: #000000;\"><u>Pauline Le chatal<\/u><\/span><\/strong><br \/>\nDanses enseign\u00e9es \u00e0 l\u2019ALAS :<span style=\"color: #0000ff;\">\u00a0<a style=\"color: #0000ff;\" href=\"http:\/\/alas-danse.fr\/?page_id=16\">Multidanses<\/a>\u00a0<a href=\"http:\/\/alas-danse.fr\/?page_id=211\">Danses bien-\u00eatre<\/a><\/span><\/p>\n<p><span style=\"text-decoration: underline; color: #000000;\"><strong>Cl\u00e9mence Rocand<\/strong><\/span><br \/>\nDanses enseign\u00e9es \u00e0 l\u2019ALAS : <span style=\"color: #0000ff;\"><a style=\"color: #0000ff;\" href=\"http:\/\/alas-danse.fr\/?page_id=1179\">Lady\u00a0Style<\/a><\/span><\/p>\n","protected":false},"excerpt":{"rendered":"<p>PORTES OUVERTES Vous souhaitez faire une activit\u00e9 l&rsquo;ann\u00e9e prochaine (saison 2026-2027) et vous voudriez d\u00e9couvrir nos cours et bien la<\/p>\n","protected":false},"author":1,"featured_media":0,"parent":0,"menu_order":0,"comment_status":"closed","ping_status":"open","template":"","meta":{"colormag_page_container_layout":"default_layout","colormag_page_sidebar_layout":"default_layout","footnotes":""},"class_list":["post-2","page","type-page","status-publish","hentry"],"jetpack_sharing_enabled":true,"_links":{"self":[{"href":"https:\/\/alas-danse.fr\/index.php?rest_route=\/wp\/v2\/pages\/2","targetHints":{"allow":["GET"]}}],"collection":[{"href":"https:\/\/alas-danse.fr\/index.php?rest_route=\/wp\/v2\/pages"}],"about":[{"href":"https:\/\/alas-danse.fr\/index.php?rest_route=\/wp\/v2\/types\/page"}],"author":[{"embeddable":true,"href":"https:\/\/alas-danse.fr\/index.php?rest_route=\/wp\/v2\/users\/1"}],"replies":[{"embeddable":true,"href":"https:\/\/alas-danse.fr\/index.php?rest_route=%2Fwp%2Fv2%2Fcomments&post=2"}],"version-history":[{"count":184,"href":"https:\/\/alas-danse.fr\/index.php?rest_route=\/wp\/v2\/pages\/2\/revisions"}],"predecessor-version":[{"id":1477,"href":"https:\/\/alas-danse.fr\/index.php?rest_route=\/wp\/v2\/pages\/2\/revisions\/1477"}],"wp:attachment":[{"href":"https:\/\/alas-danse.fr\/index.php?rest_route=%2Fwp%2Fv2%2Fmedia&parent=2"}],"curies":[{"name":"wp","href":"https:\/\/api.w.org\/{rel}","templated":true}]}}